{"id":2651,"date":"2022-07-24T23:20:03","date_gmt":"2022-07-24T21:20:03","guid":{"rendered":"https:\/\/admin.vardemuseerne.dk\/naturkulturvarde\/?page_id=2651"},"modified":"2024-10-02T14:34:56","modified_gmt":"2024-10-02T12:34:56","slug":"vardemuseerne","status":"publish","type":"page","link":"https:\/\/naturkulturvarde.dk\/de\/vardemuseerne\/","title":{"rendered":"Vardemuseerne"},"content":{"rendered":"<div id=\"pl-2651\"  class=\"panel-layout\" ><div id=\"pg-2651-0\"  class=\"panel-grid panel-no-style\" ><div id=\"pgc-2651-0-0\"  class=\"panel-grid-cell\" ><div id=\"panel-2651-0-0-0\" class=\"so-panel widget widget_mtt-cover panel-first-child panel-last-child\" data-index=\"0\" ><div\n\t\t\t\n\t\t\tclass=\"so-widget-mtt-cover so-widget-mtt-cover-base\"\n\t\t\t\n\t\t><div class=\"mtt-cover mtt-cover--sub\">\n  <div class=\"mtt-cover__image-container\">\n    <div class=\"mtt-cover__image-container--image overlay\">\n        <div class=\"mtt-image-video-block normal\">\n            <div class=\"mtt-image object-fit\">\n            <picture fetchpriority=\"auto\">\n                                            <img decoding=\"async\" src=\"https:\/\/naturkulturvarde.dk\/wp-content\/uploads\/sites\/5\/2022\/05\/Vardemuseerne-kollage.jpg\" alt=\"Vardemuseerne collage\" fetchpriority=\"auto\">\n            <\/picture>\n        <\/div>\n        <\/div>\n    <\/div>\n  <\/div>\n      <div class=\"mtt-cover__text-container cover_page_container\">\n    <div class=\"mtt-cover__text-wrap\">\n                          <div class=\"mtt-cover__title\">\n            <h1>Die Varde-Museen<\/h1>\n          <\/div>\n                          <div class=\"mtt-cover__text\">\n              NaturKulturVarde - die lebendige Kommunikation in den Vardemuseerne          <\/div>\n                    <\/div>\n        <\/div>\n  <div class=\"mtt-cover__svg\">\n        <\/div>\n<\/div><\/div><\/div><\/div><\/div><div id=\"pg-2651-1\"  class=\"panel-grid panel-no-style\" ><div id=\"pgc-2651-1-0\"  class=\"panel-grid-cell\" ><div id=\"panel-2651-1-0-0\" class=\"so-panel widget widget_mtt-image-collage panel-first-child panel-last-child\" data-index=\"1\" ><div\n\t\t\t\n\t\t\tclass=\"so-widget-mtt-image-collage so-widget-mtt-image-collage-base\"\n\t\t\t\n\t\t>\n<div class=\"mtt-image-collage\">\n\n          <div class=\"page_container\">\n        <h2 class=\"mtt-image-collage__title\">Zehn verschiedenen Ausstellungsorten<\/h2>\n      <\/div>\n    \n  <div class=\"mtt-image-collage__inner\">\n      \n<div class=\"mtt-image-collage__wrapper\">\n    \n<div class=\"mtt-image-collage__image-wrapper first-last-image\">\n      <a href=\"http:\/\/www.nymindegabmuseum.dk\" target=\"_blank\">\n      \n      <img loading=\"lazy\" decoding=\"async\" width=\"600\" height=\"600\" src=\"https:\/\/naturkulturvarde.dk\/wp-content\/uploads\/sites\/5\/2022\/05\/Nymindegab-Museum_1-600x600.jpg\" class=\"attachment-600x600x1 size-600x600x1\" alt=\"Fra maleriudstilling i Nymindegab Museum - Ved boderne i Nymindegab af Laurids Tuxen\" srcset=\"https:\/\/naturkulturvarde.dk\/wp-content\/uploads\/sites\/5\/2022\/05\/Nymindegab-Museum_1-600x600.jpg 600w, https:\/\/naturkulturvarde.dk\/wp-content\/uploads\/sites\/5\/2022\/05\/Nymindegab-Museum_1-150x150.jpg 150w, https:\/\/naturkulturvarde.dk\/wp-content\/uploads\/sites\/5\/2022\/05\/Nymindegab-Museum_1-60x60.jpg 60w\" sizes=\"auto, (max-width: 600px) 100vw, 600px\" \/>\n              <div class=\"mtt-image-collage__image-text-wrapper\">\n                          <div class=\"mtt-image-collage__image-title\">\n                  Nymindegab Museum              <\/div>\n            \n                          <div class=\"mtt-image-collage__image-text tagline\">\n                  Et kulturhistorisk kunstmuseum              <\/div>\n                    <\/div>\n      \n        <\/a>\n<\/div>\n    <div class=\"mtt-image-collage__images-container\">\n        \n<div class=\"mtt-image-collage__image-wrapper\">\n      <a href=\"http:\/\/www.hoddeskole.dk\" target=\"_blank\">\n      \n      <img loading=\"lazy\" decoding=\"async\" width=\"600\" height=\"600\" src=\"https:\/\/naturkulturvarde.dk\/wp-content\/uploads\/sites\/5\/2023\/02\/Hodde-vestjyske-skoleordning-plakat-600x600.jpg\" class=\"attachment-600x600x1 size-600x600x1\" alt=\"\" srcset=\"https:\/\/naturkulturvarde.dk\/wp-content\/uploads\/sites\/5\/2023\/02\/Hodde-vestjyske-skoleordning-plakat-600x600.jpg 600w, https:\/\/naturkulturvarde.dk\/wp-content\/uploads\/sites\/5\/2023\/02\/Hodde-vestjyske-skoleordning-plakat-150x150.jpg 150w, https:\/\/naturkulturvarde.dk\/wp-content\/uploads\/sites\/5\/2023\/02\/Hodde-vestjyske-skoleordning-plakat-60x60.jpg 60w\" sizes=\"auto, (max-width: 600px) 100vw, 600px\" \/>\n              <div class=\"mtt-image-collage__image-text-wrapper\">\n                          <div class=\"mtt-image-collage__image-title\">\n                  Hodde Gamle Skole              <\/div>\n            \n                          <div class=\"mtt-image-collage__image-text tagline\">\n                  Skolen ved kirken              <\/div>\n                    <\/div>\n      \n        <\/a>\n<\/div>\n<div class=\"mtt-image-collage__image-wrapper\">\n      <a href=\"http:\/\/www.hjeddingmejeri.dk\" target=\"_blank\">\n      \n      <img loading=\"lazy\" decoding=\"async\" width=\"354\" height=\"230\" src=\"https:\/\/naturkulturvarde.dk\/wp-content\/uploads\/sites\/5\/2024\/07\/22eb3b86b480483a930bccab5be96360.jpg\" class=\"attachment-600x600x1 size-600x600x1\" alt=\"\" srcset=\"https:\/\/naturkulturvarde.dk\/wp-content\/uploads\/sites\/5\/2024\/07\/22eb3b86b480483a930bccab5be96360.jpg 354w, https:\/\/naturkulturvarde.dk\/wp-content\/uploads\/sites\/5\/2024\/07\/22eb3b86b480483a930bccab5be96360-300x195.jpg 300w\" sizes=\"auto, (max-width: 354px) 100vw, 354px\" \/>\n              <div class=\"mtt-image-collage__image-text-wrapper\">\n                          <div class=\"mtt-image-collage__image-title\">\n                  Hjedding Andelsmejeri              <\/div>\n            \n                          <div class=\"mtt-image-collage__image-text tagline\">\n                  Demokratiets vugge              <\/div>\n                    <\/div>\n      \n        <\/a>\n<\/div>\n<div class=\"mtt-image-collage__image-wrapper\">\n      <a href=\"http:\/\/www.tirpitz.dk\" target=\"_blank\">\n      \n      <img loading=\"lazy\" decoding=\"async\" width=\"600\" height=\"600\" src=\"https:\/\/naturkulturvarde.dk\/wp-content\/uploads\/sites\/5\/2022\/03\/press-600x600.jpg\" class=\"attachment-600x600x1 size-600x600x1\" alt=\"Tirpitz\" srcset=\"https:\/\/naturkulturvarde.dk\/wp-content\/uploads\/sites\/5\/2022\/03\/press-600x600.jpg 600w, https:\/\/naturkulturvarde.dk\/wp-content\/uploads\/sites\/5\/2022\/03\/press-150x150.jpg 150w, https:\/\/naturkulturvarde.dk\/wp-content\/uploads\/sites\/5\/2022\/03\/press-60x60.jpg 60w\" sizes=\"auto, (max-width: 600px) 100vw, 600px\" \/>\n              <div class=\"mtt-image-collage__image-text-wrapper\">\n                          <div class=\"mtt-image-collage__image-title\">\n                  Tirpitz              <\/div>\n            \n                          <div class=\"mtt-image-collage__image-text tagline\">\n                  En topattraktion i verdensk...              <\/div>\n                    <\/div>\n      \n        <\/a>\n<\/div>\n<div class=\"mtt-image-collage__image-wrapper\">\n      <a href=\"http:\/\/www.janusbygningen.dk\/\" target=\"_blank\">\n      \n      <img loading=\"lazy\" decoding=\"async\" width=\"600\" height=\"600\" src=\"https:\/\/naturkulturvarde.dk\/wp-content\/uploads\/sites\/5\/2022\/05\/Fra-KS-21_1-scaled-600x600.jpg\" class=\"attachment-600x600x1 size-600x600x1\" alt=\"Sommerudstilling i JANUS\" srcset=\"https:\/\/naturkulturvarde.dk\/wp-content\/uploads\/sites\/5\/2022\/05\/Fra-KS-21_1-scaled-600x600.jpg 600w, https:\/\/naturkulturvarde.dk\/wp-content\/uploads\/sites\/5\/2022\/05\/Fra-KS-21_1-scaled-150x150.jpg 150w, https:\/\/naturkulturvarde.dk\/wp-content\/uploads\/sites\/5\/2022\/05\/Fra-KS-21_1-scaled-60x60.jpg 60w\" sizes=\"auto, (max-width: 600px) 100vw, 600px\" \/>\n              <div class=\"mtt-image-collage__image-text-wrapper\">\n                          <div class=\"mtt-image-collage__image-title\">\n                  JANUS \u2013 Vestjyllands Kunstmuseum              <\/div>\n            \n                          <div class=\"mtt-image-collage__image-text tagline\">\n                  Moderne samtidskunst              <\/div>\n                    <\/div>\n      \n        <\/a>\n<\/div>\n<div class=\"mtt-image-collage__image-wrapper\">\n      <a href=\"https:\/\/www.panser-artilleri.dk\" target=\"_blank\">\n      \n      <img loading=\"lazy\" decoding=\"async\" width=\"520\" height=\"303\" src=\"https:\/\/naturkulturvarde.dk\/wp-content\/uploads\/sites\/5\/2024\/07\/Mask-Group-45.jpg\" class=\"attachment-600x600x1 size-600x600x1\" alt=\"\" srcset=\"https:\/\/naturkulturvarde.dk\/wp-content\/uploads\/sites\/5\/2024\/07\/Mask-Group-45.jpg 520w, https:\/\/naturkulturvarde.dk\/wp-content\/uploads\/sites\/5\/2024\/07\/Mask-Group-45-300x175.jpg 300w\" sizes=\"auto, (max-width: 520px) 100vw, 520px\" \/>\n              <div class=\"mtt-image-collage__image-text-wrapper\">\n                          <div class=\"mtt-image-collage__image-title\">\n                  Panser- &amp; Artillerimuseum              <\/div>\n            \n                          <div class=\"mtt-image-collage__image-text tagline\">\n                  Et kanon museum              <\/div>\n                    <\/div>\n      \n        <\/a>\n<\/div>\n<div class=\"mtt-image-collage__image-wrapper\">\n      <a href=\"http:\/\/www.flugtmuseum.dk\" target=\"_blank\">\n      \n      <img loading=\"lazy\" decoding=\"async\" width=\"600\" height=\"600\" src=\"https:\/\/naturkulturvarde.dk\/wp-content\/uploads\/sites\/5\/2023\/02\/R_Hjortshoj-Flugt-PRESS-18-kopier-scaled-600x600.jpg\" class=\"attachment-600x600x1 size-600x600x1\" alt=\"\" srcset=\"https:\/\/naturkulturvarde.dk\/wp-content\/uploads\/sites\/5\/2023\/02\/R_Hjortshoj-Flugt-PRESS-18-kopier-scaled-600x600.jpg 600w, https:\/\/naturkulturvarde.dk\/wp-content\/uploads\/sites\/5\/2023\/02\/R_Hjortshoj-Flugt-PRESS-18-kopier-scaled-150x150.jpg 150w, https:\/\/naturkulturvarde.dk\/wp-content\/uploads\/sites\/5\/2023\/02\/R_Hjortshoj-Flugt-PRESS-18-kopier-scaled-300x300.jpg 300w, https:\/\/naturkulturvarde.dk\/wp-content\/uploads\/sites\/5\/2023\/02\/R_Hjortshoj-Flugt-PRESS-18-kopier-scaled-1024x1024.jpg 1024w, https:\/\/naturkulturvarde.dk\/wp-content\/uploads\/sites\/5\/2023\/02\/R_Hjortshoj-Flugt-PRESS-18-kopier-scaled-60x60.jpg 60w, https:\/\/naturkulturvarde.dk\/wp-content\/uploads\/sites\/5\/2023\/02\/R_Hjortshoj-Flugt-PRESS-18-kopier-scaled.jpg 2000w\" sizes=\"auto, (max-width: 600px) 100vw, 600px\" \/>\n              <div class=\"mtt-image-collage__image-text-wrapper\">\n                          <div class=\"mtt-image-collage__image-title\">\n                  FLUGT              <\/div>\n            \n                          <div class=\"mtt-image-collage__image-text tagline\">\n                  Refugee Museum of Denmark              <\/div>\n                    <\/div>\n      \n        <\/a>\n<\/div>\n<div class=\"mtt-image-collage__image-wrapper\">\n      <a href=\"http:\/\/www.blaavandshukfyr.dk\/\" target=\"_blank\">\n      \n      <img loading=\"lazy\" decoding=\"async\" width=\"600\" height=\"600\" src=\"https:\/\/naturkulturvarde.dk\/wp-content\/uploads\/sites\/5\/2022\/05\/DJI_0037-scaled-600x600.jpg\" class=\"attachment-600x600x1 size-600x600x1\" alt=\"Bl\u00e5vandshuk Fyr\" srcset=\"https:\/\/naturkulturvarde.dk\/wp-content\/uploads\/sites\/5\/2022\/05\/DJI_0037-scaled-600x600.jpg 600w, https:\/\/naturkulturvarde.dk\/wp-content\/uploads\/sites\/5\/2022\/05\/DJI_0037-scaled-150x150.jpg 150w, https:\/\/naturkulturvarde.dk\/wp-content\/uploads\/sites\/5\/2022\/05\/DJI_0037-scaled-60x60.jpg 60w\" sizes=\"auto, (max-width: 600px) 100vw, 600px\" \/>\n              <div class=\"mtt-image-collage__image-text-wrapper\">\n                          <div class=\"mtt-image-collage__image-title\">\n                  Bl\u00e5vandshuk Fyr              <\/div>\n            \n                          <div class=\"mtt-image-collage__image-text tagline\">\n                  Danmarks vestligste punkt              <\/div>\n                    <\/div>\n      \n        <\/a>\n<\/div>\n<div class=\"mtt-image-collage__image-wrapper\">\n      <a href=\"http:\/\/www.\u00f8lgodmuseum.dk\" target=\"_blank\">\n      \n      <img loading=\"lazy\" decoding=\"async\" width=\"600\" height=\"600\" src=\"https:\/\/naturkulturvarde.dk\/wp-content\/uploads\/sites\/5\/2023\/02\/Oelgod-mejeriet-plakat-600x600.jpg\" class=\"attachment-600x600x1 size-600x600x1\" alt=\"\" srcset=\"https:\/\/naturkulturvarde.dk\/wp-content\/uploads\/sites\/5\/2023\/02\/Oelgod-mejeriet-plakat-600x600.jpg 600w, https:\/\/naturkulturvarde.dk\/wp-content\/uploads\/sites\/5\/2023\/02\/Oelgod-mejeriet-plakat-150x150.jpg 150w, https:\/\/naturkulturvarde.dk\/wp-content\/uploads\/sites\/5\/2023\/02\/Oelgod-mejeriet-plakat-266x266.jpg 266w, https:\/\/naturkulturvarde.dk\/wp-content\/uploads\/sites\/5\/2023\/02\/Oelgod-mejeriet-plakat-60x60.jpg 60w\" sizes=\"auto, (max-width: 600px) 100vw, 600px\" \/>\n              <div class=\"mtt-image-collage__image-text-wrapper\">\n                          <div class=\"mtt-image-collage__image-title\">\n                  Dit Museum \u00d8lgod              <\/div>\n            \n                          <div class=\"mtt-image-collage__image-text tagline\">\n                  Fra hede til stationsby              <\/div>\n                    <\/div>\n      \n        <\/a>\n<\/div>    <\/div>\n\n    \n<div class=\"mtt-image-collage__image-wrapper first-last-image\">\n      <a href=\"http:\/\/www.museumfrello.dk\/\" target=\"_blank\">\n      \n      <img loading=\"lazy\" decoding=\"async\" width=\"316\" height=\"368\" src=\"https:\/\/naturkulturvarde.dk\/wp-content\/uploads\/sites\/5\/2024\/07\/Mask-Group-42.jpg\" class=\"attachment-600x600x1 size-600x600x1\" alt=\"\" srcset=\"https:\/\/naturkulturvarde.dk\/wp-content\/uploads\/sites\/5\/2024\/07\/Mask-Group-42.jpg 316w, https:\/\/naturkulturvarde.dk\/wp-content\/uploads\/sites\/5\/2024\/07\/Mask-Group-42-258x300.jpg 258w\" sizes=\"auto, (max-width: 316px) 100vw, 316px\" \/>\n              <div class=\"mtt-image-collage__image-text-wrapper\">\n                          <div class=\"mtt-image-collage__image-title\">\n                  Museum Frello              <\/div>\n            \n                          <div class=\"mtt-image-collage__image-text tagline\">\n                  I fantasiens verden              <\/div>\n                    <\/div>\n      \n        <\/a>\n<\/div><\/div>\n<div class=\"mtt-image-collage__wrapper\">\n    \n<div class=\"mtt-image-collage__image-wrapper first-last-image\">\n      <a href=\"http:\/\/www.nymindegabmuseum.dk\" target=\"_blank\">\n      \n      <img loading=\"lazy\" decoding=\"async\" width=\"600\" height=\"600\" src=\"https:\/\/naturkulturvarde.dk\/wp-content\/uploads\/sites\/5\/2022\/05\/Nymindegab-Museum_1-600x600.jpg\" class=\"attachment-600x600x1 size-600x600x1\" alt=\"Fra maleriudstilling i Nymindegab Museum - Ved boderne i Nymindegab af Laurids Tuxen\" srcset=\"https:\/\/naturkulturvarde.dk\/wp-content\/uploads\/sites\/5\/2022\/05\/Nymindegab-Museum_1-600x600.jpg 600w, https:\/\/naturkulturvarde.dk\/wp-content\/uploads\/sites\/5\/2022\/05\/Nymindegab-Museum_1-150x150.jpg 150w, https:\/\/naturkulturvarde.dk\/wp-content\/uploads\/sites\/5\/2022\/05\/Nymindegab-Museum_1-60x60.jpg 60w\" sizes=\"auto, (max-width: 600px) 100vw, 600px\" \/>\n              <div class=\"mtt-image-collage__image-text-wrapper\">\n                          <div class=\"mtt-image-collage__image-title\">\n                  Nymindegab Museum              <\/div>\n            \n                          <div class=\"mtt-image-collage__image-text tagline\">\n                  Et kulturhistorisk kunstmuseum              <\/div>\n                    <\/div>\n      \n        <\/a>\n<\/div>\n    <div class=\"mtt-image-collage__images-container\">\n        \n<div class=\"mtt-image-collage__image-wrapper\">\n      <a href=\"http:\/\/www.hoddeskole.dk\" target=\"_blank\">\n      \n      <img loading=\"lazy\" decoding=\"async\" width=\"600\" height=\"600\" src=\"https:\/\/naturkulturvarde.dk\/wp-content\/uploads\/sites\/5\/2023\/02\/Hodde-vestjyske-skoleordning-plakat-600x600.jpg\" class=\"attachment-600x600x1 size-600x600x1\" alt=\"\" srcset=\"https:\/\/naturkulturvarde.dk\/wp-content\/uploads\/sites\/5\/2023\/02\/Hodde-vestjyske-skoleordning-plakat-600x600.jpg 600w, https:\/\/naturkulturvarde.dk\/wp-content\/uploads\/sites\/5\/2023\/02\/Hodde-vestjyske-skoleordning-plakat-150x150.jpg 150w, https:\/\/naturkulturvarde.dk\/wp-content\/uploads\/sites\/5\/2023\/02\/Hodde-vestjyske-skoleordning-plakat-60x60.jpg 60w\" sizes=\"auto, (max-width: 600px) 100vw, 600px\" \/>\n              <div class=\"mtt-image-collage__image-text-wrapper\">\n                          <div class=\"mtt-image-collage__image-title\">\n                  Hodde Gamle Skole              <\/div>\n            \n                          <div class=\"mtt-image-collage__image-text tagline\">\n                  Skolen ved kirken              <\/div>\n                    <\/div>\n      \n        <\/a>\n<\/div>\n<div class=\"mtt-image-collage__image-wrapper\">\n      <a href=\"http:\/\/www.hjeddingmejeri.dk\" target=\"_blank\">\n      \n      <img loading=\"lazy\" decoding=\"async\" width=\"354\" height=\"230\" src=\"https:\/\/naturkulturvarde.dk\/wp-content\/uploads\/sites\/5\/2024\/07\/22eb3b86b480483a930bccab5be96360.jpg\" class=\"attachment-600x600x1 size-600x600x1\" alt=\"\" srcset=\"https:\/\/naturkulturvarde.dk\/wp-content\/uploads\/sites\/5\/2024\/07\/22eb3b86b480483a930bccab5be96360.jpg 354w, https:\/\/naturkulturvarde.dk\/wp-content\/uploads\/sites\/5\/2024\/07\/22eb3b86b480483a930bccab5be96360-300x195.jpg 300w\" sizes=\"auto, (max-width: 354px) 100vw, 354px\" \/>\n              <div class=\"mtt-image-collage__image-text-wrapper\">\n                          <div class=\"mtt-image-collage__image-title\">\n                  Hjedding Andelsmejeri              <\/div>\n            \n                          <div class=\"mtt-image-collage__image-text tagline\">\n                  Demokratiets vugge              <\/div>\n                    <\/div>\n      \n        <\/a>\n<\/div>\n<div class=\"mtt-image-collage__image-wrapper\">\n      <a href=\"http:\/\/www.tirpitz.dk\" target=\"_blank\">\n      \n      <img loading=\"lazy\" decoding=\"async\" width=\"600\" height=\"600\" src=\"https:\/\/naturkulturvarde.dk\/wp-content\/uploads\/sites\/5\/2022\/03\/press-600x600.jpg\" class=\"attachment-600x600x1 size-600x600x1\" alt=\"Tirpitz\" srcset=\"https:\/\/naturkulturvarde.dk\/wp-content\/uploads\/sites\/5\/2022\/03\/press-600x600.jpg 600w, https:\/\/naturkulturvarde.dk\/wp-content\/uploads\/sites\/5\/2022\/03\/press-150x150.jpg 150w, https:\/\/naturkulturvarde.dk\/wp-content\/uploads\/sites\/5\/2022\/03\/press-60x60.jpg 60w\" sizes=\"auto, (max-width: 600px) 100vw, 600px\" \/>\n              <div class=\"mtt-image-collage__image-text-wrapper\">\n                          <div class=\"mtt-image-collage__image-title\">\n                  Tirpitz              <\/div>\n            \n                          <div class=\"mtt-image-collage__image-text tagline\">\n                  En topattraktion i verdensk...              <\/div>\n                    <\/div>\n      \n        <\/a>\n<\/div>\n<div class=\"mtt-image-collage__image-wrapper\">\n      <a href=\"http:\/\/www.janusbygningen.dk\/\" target=\"_blank\">\n      \n      <img loading=\"lazy\" decoding=\"async\" width=\"600\" height=\"600\" src=\"https:\/\/naturkulturvarde.dk\/wp-content\/uploads\/sites\/5\/2022\/05\/Fra-KS-21_1-scaled-600x600.jpg\" class=\"attachment-600x600x1 size-600x600x1\" alt=\"Sommerudstilling i JANUS\" srcset=\"https:\/\/naturkulturvarde.dk\/wp-content\/uploads\/sites\/5\/2022\/05\/Fra-KS-21_1-scaled-600x600.jpg 600w, https:\/\/naturkulturvarde.dk\/wp-content\/uploads\/sites\/5\/2022\/05\/Fra-KS-21_1-scaled-150x150.jpg 150w, https:\/\/naturkulturvarde.dk\/wp-content\/uploads\/sites\/5\/2022\/05\/Fra-KS-21_1-scaled-60x60.jpg 60w\" sizes=\"auto, (max-width: 600px) 100vw, 600px\" \/>\n              <div class=\"mtt-image-collage__image-text-wrapper\">\n                          <div class=\"mtt-image-collage__image-title\">\n                  JANUS \u2013 Vestjyllands Kunstmuseum              <\/div>\n            \n                          <div class=\"mtt-image-collage__image-text tagline\">\n                  Moderne samtidskunst              <\/div>\n                    <\/div>\n      \n        <\/a>\n<\/div>\n<div class=\"mtt-image-collage__image-wrapper\">\n      <a href=\"https:\/\/www.panser-artilleri.dk\" target=\"_blank\">\n      \n      <img loading=\"lazy\" decoding=\"async\" width=\"520\" height=\"303\" src=\"https:\/\/naturkulturvarde.dk\/wp-content\/uploads\/sites\/5\/2024\/07\/Mask-Group-45.jpg\" class=\"attachment-600x600x1 size-600x600x1\" alt=\"\" srcset=\"https:\/\/naturkulturvarde.dk\/wp-content\/uploads\/sites\/5\/2024\/07\/Mask-Group-45.jpg 520w, https:\/\/naturkulturvarde.dk\/wp-content\/uploads\/sites\/5\/2024\/07\/Mask-Group-45-300x175.jpg 300w\" sizes=\"auto, (max-width: 520px) 100vw, 520px\" \/>\n              <div class=\"mtt-image-collage__image-text-wrapper\">\n                          <div class=\"mtt-image-collage__image-title\">\n                  Panser- &amp; Artillerimuseum              <\/div>\n            \n                          <div class=\"mtt-image-collage__image-text tagline\">\n                  Et kanon museum              <\/div>\n                    <\/div>\n      \n        <\/a>\n<\/div>\n<div class=\"mtt-image-collage__image-wrapper\">\n      <a href=\"http:\/\/www.flugtmuseum.dk\" target=\"_blank\">\n      \n      <img loading=\"lazy\" decoding=\"async\" width=\"600\" height=\"600\" src=\"https:\/\/naturkulturvarde.dk\/wp-content\/uploads\/sites\/5\/2023\/02\/R_Hjortshoj-Flugt-PRESS-18-kopier-scaled-600x600.jpg\" class=\"attachment-600x600x1 size-600x600x1\" alt=\"\" srcset=\"https:\/\/naturkulturvarde.dk\/wp-content\/uploads\/sites\/5\/2023\/02\/R_Hjortshoj-Flugt-PRESS-18-kopier-scaled-600x600.jpg 600w, https:\/\/naturkulturvarde.dk\/wp-content\/uploads\/sites\/5\/2023\/02\/R_Hjortshoj-Flugt-PRESS-18-kopier-scaled-150x150.jpg 150w, https:\/\/naturkulturvarde.dk\/wp-content\/uploads\/sites\/5\/2023\/02\/R_Hjortshoj-Flugt-PRESS-18-kopier-scaled-300x300.jpg 300w, https:\/\/naturkulturvarde.dk\/wp-content\/uploads\/sites\/5\/2023\/02\/R_Hjortshoj-Flugt-PRESS-18-kopier-scaled-1024x1024.jpg 1024w, https:\/\/naturkulturvarde.dk\/wp-content\/uploads\/sites\/5\/2023\/02\/R_Hjortshoj-Flugt-PRESS-18-kopier-scaled-60x60.jpg 60w, https:\/\/naturkulturvarde.dk\/wp-content\/uploads\/sites\/5\/2023\/02\/R_Hjortshoj-Flugt-PRESS-18-kopier-scaled.jpg 2000w\" sizes=\"auto, (max-width: 600px) 100vw, 600px\" \/>\n              <div class=\"mtt-image-collage__image-text-wrapper\">\n                          <div class=\"mtt-image-collage__image-title\">\n                  FLUGT              <\/div>\n            \n                          <div class=\"mtt-image-collage__image-text tagline\">\n                  Refugee Museum of Denmark              <\/div>\n                    <\/div>\n      \n        <\/a>\n<\/div>\n<div class=\"mtt-image-collage__image-wrapper\">\n      <a href=\"http:\/\/www.blaavandshukfyr.dk\/\" target=\"_blank\">\n      \n      <img loading=\"lazy\" decoding=\"async\" width=\"600\" height=\"600\" src=\"https:\/\/naturkulturvarde.dk\/wp-content\/uploads\/sites\/5\/2022\/05\/DJI_0037-scaled-600x600.jpg\" class=\"attachment-600x600x1 size-600x600x1\" alt=\"Bl\u00e5vandshuk Fyr\" srcset=\"https:\/\/naturkulturvarde.dk\/wp-content\/uploads\/sites\/5\/2022\/05\/DJI_0037-scaled-600x600.jpg 600w, https:\/\/naturkulturvarde.dk\/wp-content\/uploads\/sites\/5\/2022\/05\/DJI_0037-scaled-150x150.jpg 150w, https:\/\/naturkulturvarde.dk\/wp-content\/uploads\/sites\/5\/2022\/05\/DJI_0037-scaled-60x60.jpg 60w\" sizes=\"auto, (max-width: 600px) 100vw, 600px\" \/>\n              <div class=\"mtt-image-collage__image-text-wrapper\">\n                          <div class=\"mtt-image-collage__image-title\">\n                  Bl\u00e5vandshuk Fyr              <\/div>\n            \n                          <div class=\"mtt-image-collage__image-text tagline\">\n                  Danmarks vestligste punkt              <\/div>\n                    <\/div>\n      \n        <\/a>\n<\/div>\n<div class=\"mtt-image-collage__image-wrapper\">\n      <a href=\"http:\/\/www.\u00f8lgodmuseum.dk\" target=\"_blank\">\n      \n      <img loading=\"lazy\" decoding=\"async\" width=\"600\" height=\"600\" src=\"https:\/\/naturkulturvarde.dk\/wp-content\/uploads\/sites\/5\/2023\/02\/Oelgod-mejeriet-plakat-600x600.jpg\" class=\"attachment-600x600x1 size-600x600x1\" alt=\"\" srcset=\"https:\/\/naturkulturvarde.dk\/wp-content\/uploads\/sites\/5\/2023\/02\/Oelgod-mejeriet-plakat-600x600.jpg 600w, https:\/\/naturkulturvarde.dk\/wp-content\/uploads\/sites\/5\/2023\/02\/Oelgod-mejeriet-plakat-150x150.jpg 150w, https:\/\/naturkulturvarde.dk\/wp-content\/uploads\/sites\/5\/2023\/02\/Oelgod-mejeriet-plakat-266x266.jpg 266w, https:\/\/naturkulturvarde.dk\/wp-content\/uploads\/sites\/5\/2023\/02\/Oelgod-mejeriet-plakat-60x60.jpg 60w\" sizes=\"auto, (max-width: 600px) 100vw, 600px\" \/>\n              <div class=\"mtt-image-collage__image-text-wrapper\">\n                          <div class=\"mtt-image-collage__image-title\">\n                  Dit Museum \u00d8lgod              <\/div>\n            \n                          <div class=\"mtt-image-collage__image-text tagline\">\n                  Fra hede til stationsby              <\/div>\n                    <\/div>\n      \n        <\/a>\n<\/div>    <\/div>\n\n    \n<div class=\"mtt-image-collage__image-wrapper first-last-image\">\n      <a href=\"http:\/\/www.museumfrello.dk\/\" target=\"_blank\">\n      \n      <img loading=\"lazy\" decoding=\"async\" width=\"316\" height=\"368\" src=\"https:\/\/naturkulturvarde.dk\/wp-content\/uploads\/sites\/5\/2024\/07\/Mask-Group-42.jpg\" class=\"attachment-600x600x1 size-600x600x1\" alt=\"\" srcset=\"https:\/\/naturkulturvarde.dk\/wp-content\/uploads\/sites\/5\/2024\/07\/Mask-Group-42.jpg 316w, https:\/\/naturkulturvarde.dk\/wp-content\/uploads\/sites\/5\/2024\/07\/Mask-Group-42-258x300.jpg 258w\" sizes=\"auto, (max-width: 316px) 100vw, 316px\" \/>\n              <div class=\"mtt-image-collage__image-text-wrapper\">\n                          <div class=\"mtt-image-collage__image-title\">\n                  Museum Frello              <\/div>\n            \n                          <div class=\"mtt-image-collage__image-text tagline\">\n                  I fantasiens verden              <\/div>\n                    <\/div>\n      \n        <\/a>\n<\/div><\/div>  <\/div>\n<\/div>\n<\/div><\/div><\/div><\/div><div id=\"pg-2651-2\"  class=\"panel-grid panel-no-style\" ><div id=\"pgc-2651-2-0\"  class=\"panel-grid-cell\" ><div id=\"panel-2651-2-0-0\" class=\"so-panel widget widget_mtt-text-image panel-first-child panel-last-child\" data-index=\"2\" ><div\n\t\t\t\n\t\t\tclass=\"so-widget-mtt-text-image so-widget-mtt-text-image-base\"\n\t\t\t\n\t\t>\n<div class=\"mtt-text-image widget_contrast widget-contrast-light spacing-classes-added\">\n  <div class=\"mtt-text-image__inner page_container text-image\">\n    <div class=\"mtt-text-image__text-container\">\n                <h2 class=\"mtt-text-image__title\">Wer sind die Vardemuseerne?<\/h2>        <p class=\"mtt-text-image__text\"><p>Die Vardemuseerne sind f\u00fcr insgesamt 10 Museen mit verschiedenen Themen wie Kunst, Geschichte und Arch\u00e4ologie zust\u00e4ndig und verf\u00fcgen auch \u00fcber Abteilungen f\u00fcr Naturerziehung und Schulbildung.<\/p>\n<p>&nbsp;<\/p>\n<p>Im Jahr 2017 er\u00f6ffneten die Vardemuseerne die internationale Museumsattraktion Tirpitz, die ebenfalls von BIG - Bjarke Ingels Group entworfen wurde. Tirpitz befindet sich in Bl\u00e5vand und wurde seit seiner Er\u00f6ffnung von bis zu 1 Million Besuchern besucht.<\/p>\n<\/p>                        \n  <div class=\"button-section\">\n\n    \n        <a href=\"https:\/\/vardemuseerne.dk\/om-vardemuseerne\/\" class=\"button outline_dark\" target=\"_blank\" rel=\"noopener noreferrer\">\n                    Mere om Vardemuseerne        <\/a>\n\n    \n  <\/div>\n\n    <\/div>\n    <div class=\"mtt-text-image__image\">\n      <div class=\"mtt-text-image__image--inner\">\n        <p class=\"mtt-text-image__image--text normal\">Vardemuseernes administration i Varde<\/p>        <div class=\"mtt-image-video-block normal\">\n            <div class=\"mtt-image object-fit\">\n            <picture fetchpriority=\"auto\">\n                                            <img decoding=\"async\" src=\"https:\/\/naturkulturvarde.dk\/wp-content\/uploads\/sites\/5\/2022\/05\/Varde-Museum.jpg\" alt=\"Vardemuseerne\" fetchpriority=\"auto\">\n            <\/picture>\n        <\/div>\n        <\/div>\n      <\/div>\n    <\/div>\n  <\/div>\n<\/div>\n\n\n<\/div><\/div><\/div><\/div><\/div>","protected":false},"excerpt":{"rendered":"<p>Die Varde-Museen NaturKulturVarde &#8211; die lebendige Kommunikation in den Vardemuseerne Zehn verschiedenen Ausstellungsorten Nymindegab Museum Et kulturhistorisk kunstmuseum Hodde Gamle Skole Skolen ved kirken Hjedding Andelsmejeri Demokratiets vugge Tirpitz En topattraktion i verdensk&#8230; JANUS \u2013 Vestjyllands Kunstmuseum Moderne samtidskunst Panser- &amp; Artillerimuseum Et kanon museum FLUGT Refugee Museum of Denmark Bl\u00e5vandshuk Fyr Danmarks vestligste punkt [&hellip;]<\/p>\n","protected":false},"author":14,"featured_media":0,"parent":0,"menu_order":0,"comment_status":"closed","ping_status":"closed","template":"","meta":{"_acf_changed":false,"inline_featured_image":false,"footnotes":""},"class_list":["post-2651","page","type-page","status-publish","hentry"],"acf":[],"yoast_head":"<!-- This site is optimized with the Yoast SEO plugin v27.1 - https:\/\/yoast.com\/product\/yoast-seo-wordpress\/ -->\n<title>Vardemuseerne - NaturKulturVarde<\/title>\n<meta name=\"robots\" content=\"index, follow, max-snippet:-1, max-image-preview:large, max-video-preview:-1\" \/>\n<link rel=\"canonical\" href=\"https:\/\/naturkulturvarde.dk\/de\/vardemuseerne\/\" \/>\n<meta property=\"og:locale\" content=\"de_DE\" \/>\n<meta property=\"og:type\" content=\"article\" \/>\n<meta property=\"og:title\" content=\"Vardemuseerne - NaturKulturVarde\" \/>\n<meta property=\"og:description\" content=\"Die Varde-Museen NaturKulturVarde - die lebendige Kommunikation in den Vardemuseerne Zehn verschiedenen Ausstellungsorten Nymindegab Museum Et kulturhistorisk kunstmuseum Hodde Gamle Skole Skolen ved kirken Hjedding Andelsmejeri Demokratiets vugge Tirpitz En topattraktion i verdensk... JANUS \u2013 Vestjyllands Kunstmuseum Moderne samtidskunst Panser- &amp; Artillerimuseum Et kanon museum FLUGT Refugee Museum of Denmark Bl\u00e5vandshuk Fyr Danmarks vestligste punkt [&hellip;]\" \/>\n<meta property=\"og:url\" content=\"https:\/\/naturkulturvarde.dk\/de\/vardemuseerne\/\" \/>\n<meta property=\"og:site_name\" content=\"NaturKulturVarde\" \/>\n<meta property=\"article:publisher\" content=\"https:\/\/www.facebook.com\/naturkulturvarde\/\" \/>\n<meta property=\"article:modified_time\" content=\"2024-10-02T12:34:56+00:00\" \/>\n<meta name=\"twitter:card\" content=\"summary_large_image\" \/>\n<meta name=\"twitter:label1\" content=\"Gesch\u00e4tzte Lesezeit\" \/>\n\t<meta name=\"twitter:data1\" content=\"6\u00a0Minuten\" \/>\n<script type=\"application\/ld+json\" class=\"yoast-schema-graph\">{\"@context\":\"https:\/\/schema.org\",\"@graph\":[{\"@type\":\"WebPage\",\"@id\":\"https:\/\/naturkulturvarde.dk\/de\/vardemuseerne\/\",\"url\":\"https:\/\/naturkulturvarde.dk\/de\/vardemuseerne\/\",\"name\":\"Vardemuseerne - NaturKulturVarde\",\"isPartOf\":{\"@id\":\"https:\/\/naturkulturvarde.dk\/#website\"},\"datePublished\":\"2022-07-24T21:20:03+00:00\",\"dateModified\":\"2024-10-02T12:34:56+00:00\",\"breadcrumb\":{\"@id\":\"https:\/\/naturkulturvarde.dk\/de\/vardemuseerne\/#breadcrumb\"},\"inLanguage\":\"de\",\"potentialAction\":[{\"@type\":\"ReadAction\",\"target\":[\"https:\/\/naturkulturvarde.dk\/de\/vardemuseerne\/\"]}]},{\"@type\":\"BreadcrumbList\",\"@id\":\"https:\/\/naturkulturvarde.dk\/de\/vardemuseerne\/#breadcrumb\",\"itemListElement\":[{\"@type\":\"ListItem\",\"position\":1,\"name\":\"Hjem\",\"item\":\"https:\/\/naturkulturvarde.dk\/de\/\"},{\"@type\":\"ListItem\",\"position\":2,\"name\":\"Vardemuseerne\"}]},{\"@type\":\"WebSite\",\"@id\":\"https:\/\/naturkulturvarde.dk\/#website\",\"url\":\"https:\/\/naturkulturvarde.dk\/\",\"name\":\"NaturKulturVarde\",\"description\":\"Aktivitet, l\u00e6ring og oplevelse\",\"publisher\":{\"@id\":\"https:\/\/naturkulturvarde.dk\/#organization\"},\"potentialAction\":[{\"@type\":\"SearchAction\",\"target\":{\"@type\":\"EntryPoint\",\"urlTemplate\":\"https:\/\/naturkulturvarde.dk\/?s={search_term_string}\"},\"query-input\":{\"@type\":\"PropertyValueSpecification\",\"valueRequired\":true,\"valueName\":\"search_term_string\"}}],\"inLanguage\":\"de\"},{\"@type\":\"Organization\",\"@id\":\"https:\/\/naturkulturvarde.dk\/#organization\",\"name\":\"NaturKulturVarde\",\"url\":\"https:\/\/naturkulturvarde.dk\/\",\"logo\":{\"@type\":\"ImageObject\",\"inLanguage\":\"de\",\"@id\":\"https:\/\/naturkulturvarde.dk\/#\/schema\/logo\/image\/\",\"url\":\"\",\"contentUrl\":\"\",\"caption\":\"NaturKulturVarde\"},\"image\":{\"@id\":\"https:\/\/naturkulturvarde.dk\/#\/schema\/logo\/image\/\"},\"sameAs\":[\"https:\/\/www.facebook.com\/naturkulturvarde\/\",\"https:\/\/www.instagram.com\/naturkulturvarde\/\",\"https:\/\/www.linkedin.com\/company\/natur-kultur-varde\/\"]}]}<\/script>\n<!-- \/ Yoast SEO plugin. -->","yoast_head_json":{"title":"Vardemuseerne - NaturKulturVarde","robots":{"index":"index","follow":"follow","max-snippet":"max-snippet:-1","max-image-preview":"max-image-preview:large","max-video-preview":"max-video-preview:-1"},"canonical":"https:\/\/naturkulturvarde.dk\/de\/vardemuseerne\/","og_locale":"de_DE","og_type":"article","og_title":"Vardemuseerne - NaturKulturVarde","og_description":"Die Varde-Museen NaturKulturVarde - die lebendige Kommunikation in den Vardemuseerne Zehn verschiedenen Ausstellungsorten Nymindegab Museum Et kulturhistorisk kunstmuseum Hodde Gamle Skole Skolen ved kirken Hjedding Andelsmejeri Demokratiets vugge Tirpitz En topattraktion i verdensk... JANUS \u2013 Vestjyllands Kunstmuseum Moderne samtidskunst Panser- &amp; Artillerimuseum Et kanon museum FLUGT Refugee Museum of Denmark Bl\u00e5vandshuk Fyr Danmarks vestligste punkt [&hellip;]","og_url":"https:\/\/naturkulturvarde.dk\/de\/vardemuseerne\/","og_site_name":"NaturKulturVarde","article_publisher":"https:\/\/www.facebook.com\/naturkulturvarde\/","article_modified_time":"2024-10-02T12:34:56+00:00","twitter_card":"summary_large_image","twitter_misc":{"Gesch\u00e4tzte Lesezeit":"6\u00a0Minuten"},"schema":{"@context":"https:\/\/schema.org","@graph":[{"@type":"WebPage","@id":"https:\/\/naturkulturvarde.dk\/de\/vardemuseerne\/","url":"https:\/\/naturkulturvarde.dk\/de\/vardemuseerne\/","name":"Vardemuseerne - NaturKulturVarde","isPartOf":{"@id":"https:\/\/naturkulturvarde.dk\/#website"},"datePublished":"2022-07-24T21:20:03+00:00","dateModified":"2024-10-02T12:34:56+00:00","breadcrumb":{"@id":"https:\/\/naturkulturvarde.dk\/de\/vardemuseerne\/#breadcrumb"},"inLanguage":"de","potentialAction":[{"@type":"ReadAction","target":["https:\/\/naturkulturvarde.dk\/de\/vardemuseerne\/"]}]},{"@type":"BreadcrumbList","@id":"https:\/\/naturkulturvarde.dk\/de\/vardemuseerne\/#breadcrumb","itemListElement":[{"@type":"ListItem","position":1,"name":"Hjem","item":"https:\/\/naturkulturvarde.dk\/de\/"},{"@type":"ListItem","position":2,"name":"Vardemuseerne"}]},{"@type":"WebSite","@id":"https:\/\/naturkulturvarde.dk\/#website","url":"https:\/\/naturkulturvarde.dk\/","name":"NaturKulturVarde","description":"Aktivitet, l\u00e6ring og oplevelse","publisher":{"@id":"https:\/\/naturkulturvarde.dk\/#organization"},"potentialAction":[{"@type":"SearchAction","target":{"@type":"EntryPoint","urlTemplate":"https:\/\/naturkulturvarde.dk\/?s={search_term_string}"},"query-input":{"@type":"PropertyValueSpecification","valueRequired":true,"valueName":"search_term_string"}}],"inLanguage":"de"},{"@type":"Organization","@id":"https:\/\/naturkulturvarde.dk\/#organization","name":"NaturKulturVarde","url":"https:\/\/naturkulturvarde.dk\/","logo":{"@type":"ImageObject","inLanguage":"de","@id":"https:\/\/naturkulturvarde.dk\/#\/schema\/logo\/image\/","url":"","contentUrl":"","caption":"NaturKulturVarde"},"image":{"@id":"https:\/\/naturkulturvarde.dk\/#\/schema\/logo\/image\/"},"sameAs":["https:\/\/www.facebook.com\/naturkulturvarde\/","https:\/\/www.instagram.com\/naturkulturvarde\/","https:\/\/www.linkedin.com\/company\/natur-kultur-varde\/"]}]}},"_links":{"self":[{"href":"https:\/\/naturkulturvarde.dk\/de\/wp-json\/wp\/v2\/pages\/2651","targetHints":{"allow":["GET"]}}],"collection":[{"href":"https:\/\/naturkulturvarde.dk\/de\/wp-json\/wp\/v2\/pages"}],"about":[{"href":"https:\/\/naturkulturvarde.dk\/de\/wp-json\/wp\/v2\/types\/page"}],"author":[{"embeddable":true,"href":"https:\/\/naturkulturvarde.dk\/de\/wp-json\/wp\/v2\/users\/14"}],"replies":[{"embeddable":true,"href":"https:\/\/naturkulturvarde.dk\/de\/wp-json\/wp\/v2\/comments?post=2651"}],"version-history":[{"count":11,"href":"https:\/\/naturkulturvarde.dk\/de\/wp-json\/wp\/v2\/pages\/2651\/revisions"}],"predecessor-version":[{"id":7016,"href":"https:\/\/naturkulturvarde.dk\/de\/wp-json\/wp\/v2\/pages\/2651\/revisions\/7016"}],"wp:attachment":[{"href":"https:\/\/naturkulturvarde.dk\/de\/wp-json\/wp\/v2\/media?parent=2651"}],"curies":[{"name":"wp","href":"https:\/\/api.w.org\/{rel}","templated":true}]}}